{"id":5429,"date":"2021-11-28T23:47:45","date_gmt":"2021-11-28T22:47:45","guid":{"rendered":"https:\/\/katecheza.diecezja.elblag.pl\/?page_id=5429"},"modified":"2024-08-30T12:19:25","modified_gmt":"2024-08-30T10:19:25","slug":"wizytatorzy","status":"publish","type":"page","link":"https:\/\/katecheza.diecezja.elblag.pl\/index.php\/wizytatorzy\/","title":{"rendered":"Wizytatorzy"},"content":{"rendered":"\n<p>Wizytatorzy na okres 1.09.2024 \u2013 31.08.2025<\/p>\n\n\n\n<p>mgr Sylwia Abrusiewicz<\/p>\n\n\n\n<p>ks. dr Arkadiusz Deka\u0144ski<\/p>\n\n\n\n<p>mgr lic. Agnieszka G\u0142\u0119bocka<\/p>\n\n\n\n<p>mgr Agnieszka G\u00f3rak<\/p>\n\n\n\n<p>mgr Hanna G\u00f3recka<\/p>\n\n\n\n<p>mgr Beata Jastrz\u0119bska<\/p>\n\n\n\n<p>ks. dr Mariusz Klimkowski<\/p>\n\n\n\n<p>ks. mgr Maciej Pacynko<\/p>\n\n\n\n<p>ks. dr Mariusz Pietrzykowski<\/p>\n\n\n\n<p>ks. mgr Jaros\u0142aw Plis<\/p>\n\n\n\n<p>ks. dr Grzegorz Puchalski<\/p>\n\n\n\n<p>ks. mgr Krzysztof S\u0119ku\u0142a<\/p>\n","protected":false},"excerpt":{"rendered":"<p>Wizytatorzy na okres 1.09.2024 \u2013 31.08.2025 mgr Sylwia Abrusiewicz ks. dr Arkadiusz Deka\u0144ski mgr lic. Agnieszka G\u0142\u0119bocka mgr Agnieszka G\u00f3rak mgr Hanna G\u00f3recka mgr Beata Jastrz\u0119bska ks. dr Mariusz Klimkowski ks. mgr Maciej Pacynko ks. dr Mariusz Pietrzykowski ks. mgr Jaros\u0142aw Plis ks. dr Grzegorz Puchalski ks. mgr Krzysztof S\u0119ku\u0142a<\/p>\n","protected":false},"author":1,"featured_media":0,"parent":0,"menu_order":0,"comment_status":"closed","ping_status":"closed","template":"","meta":{"neve_meta_sidebar":"","neve_meta_container":"","neve_meta_enable_content_width":"","neve_meta_content_width":0,"neve_meta_title_alignment":"","neve_meta_author_avatar":"","neve_post_elements_order":"","neve_meta_disable_header":"","neve_meta_disable_footer":"","neve_meta_disable_title":"","_themeisle_gutenberg_block_has_review":false,"_ti_tpc_template_sync":false,"_ti_tpc_template_id":"","footnotes":""},"class_list":["post-5429","page","type-page","status-publish","hentry"],"_links":{"self":[{"href":"https:\/\/katecheza.diecezja.elblag.pl\/index.php\/wp-json\/wp\/v2\/pages\/5429","targetHints":{"allow":["GET"]}}],"collection":[{"href":"https:\/\/katecheza.diecezja.elblag.pl\/index.php\/wp-json\/wp\/v2\/pages"}],"about":[{"href":"https:\/\/katecheza.diecezja.elblag.pl\/index.php\/wp-json\/wp\/v2\/types\/page"}],"author":[{"embeddable":true,"href":"https:\/\/katecheza.diecezja.elblag.pl\/index.php\/wp-json\/wp\/v2\/users\/1"}],"replies":[{"embeddable":true,"href":"https:\/\/katecheza.diecezja.elblag.pl\/index.php\/wp-json\/wp\/v2\/comments?post=5429"}],"version-history":[{"count":6,"href":"https:\/\/katecheza.diecezja.elblag.pl\/index.php\/wp-json\/wp\/v2\/pages\/5429\/revisions"}],"predecessor-version":[{"id":6016,"href":"https:\/\/katecheza.diecezja.elblag.pl\/index.php\/wp-json\/wp\/v2\/pages\/5429\/revisions\/6016"}],"wp:attachment":[{"href":"https:\/\/katecheza.diecezja.elblag.pl\/index.php\/wp-json\/wp\/v2\/media?parent=5429"}],"curies":[{"name":"wp","href":"https:\/\/api.w.org\/{rel}","templated":true}]}}